{"id":30660,"date":"2020-02-21T09:45:28","date_gmt":"2020-02-21T09:45:28","guid":{"rendered":"https:\/\/www.cieqv.pt\/?post_type=mec-events&#038;p=30660"},"modified":"2020-02-26T14:50:21","modified_gmt":"2020-02-26T14:50:21","slug":"apresentacao-do-livro-desporto-educacao-e-qualidade-de-vida","status":"publish","type":"mec-events","link":"https:\/\/www.cieqv.pt\/pt\/events\/apresentacao-do-livro-desporto-educacao-e-qualidade-de-vida\/","title":{"rendered":"Apresenta\u00e7\u00e3o do livro \u201cDesporto, Educa\u00e7\u00e3o e Qualidade de Vida\u201d"},"content":{"rendered":"<div class=\"et_post_meta_wrapper\"><img loading=\"lazy\" decoding=\"async\" class=\"\" src=\"https:\/\/www.cieqv.pt\/wp-content\/uploads\/2019\/04\/evento_livro_01-1080x432.jpg\" sizes=\"(min-width: 0px) and (max-width: 480px) 480px, (min-width: 481px) and (max-width: 980px) 980px, (min-width: 981px) 1080px, 100vw\" srcset=\"https:\/\/www.cieqv.pt\/wp-content\/uploads\/2019\/04\/evento_livro_01-1080x432.jpg 1080w, https:\/\/www.cieqv.pt\/wp-content\/uploads\/2019\/04\/evento_livro_01-980x392.jpg 980w, https:\/\/www.cieqv.pt\/wp-content\/uploads\/2019\/04\/evento_livro_01-480x192.jpg 480w\" alt=\"\" width=\"1080\" height=\"675\" \/><\/div>\n<div class=\"entry-content\">\n<div class=\"et_social_inline et_social_mobile_on et_social_inline_top\">\n<div class=\"et_social_networks et_social_autowidth et_social_slide et_social_rectangle et_social_left et_social_no_animation et_social_nospace et_social_outer_dark\">\n<h2>Inserida na VIII Confer\u00eancia Internacional Investiga\u00e7\u00e3o, Pr\u00e1ticas e Contextos em Educa\u00e7\u00e3o<\/h2>\n<hr class=\"wp-block-separator\" \/>\n<p><strong>Dia 3 de maio<\/strong>, na Escola Superior de Educa\u00e7\u00e3o e Ci\u00eancias Sociais do Instituto Polit\u00e9cnico de Leiria<\/p>\n<p>O livro \u201cDesporto, Educa\u00e7\u00e3o e Qualidade de Vida\u201d, editado por Isabel Sim\u00f5es Dias, Marisa Barroso e Pedro Sequeira, vai ser apresentado na Escola Superior de Educa\u00e7\u00e3o e Ci\u00eancias Sociais do Instituto Polit\u00e9cnico de Leiria, no pr\u00f3ximo dia 3 de maio.<\/p>\n<p>A apresenta\u00e7\u00e3o, marcada para as 19h30, decorre no \u00e2mbito da VIII Confer\u00eancia Internacional Investiga\u00e7\u00e3o, Pr\u00e1ticas e Contextos em Educa\u00e7\u00e3o e contar\u00e1 com a presen\u00e7a de Jos\u00e9 Rodrigues, Presidente da Dire\u00e7\u00e3o da REDESPP \u2013 Rede de Escolas com Forma\u00e7\u00e3o em Desporto do Ensino Superior Polit\u00e9cnico P\u00fablico.<\/p>\n<\/div>\n<\/div>\n<\/div>","protected":false},"excerpt":{"rendered":"<p>Inserida na VIII Confer\u00eancia Internacional Investiga\u00e7\u00e3o, Pr\u00e1ticas e Contextos em Educa\u00e7\u00e3o Dia 3 de maio, na Escola Superior de Educa\u00e7\u00e3o e Ci\u00eancias Sociais do Instituto Polit\u00e9cnico de Leiria O livro \u201cDesporto, Educa\u00e7\u00e3o e Qualidade de Vida\u201d, editado por Isabel Sim\u00f5es Dias, Marisa Barroso e Pedro Sequeira, vai ser apresentado na Escola Superior de Educa\u00e7\u00e3o e [&hellip;]<\/p>\n","protected":false},"author":3,"featured_media":0,"comment_status":"closed","ping_status":"closed","template":"","tags":[],"mec_category":[],"class_list":["post-30660","mec-events","type-mec-events","status-publish","hentry"],"acf":[],"yoast_head":"<!-- This site is optimized with the Yoast SEO plugin v27.4 - https:\/\/yoast.com\/product\/yoast-seo-wordpress\/ -->\r\n<title>Apresenta\u00e7\u00e3o do livro \u201cDesporto, Educa\u00e7\u00e3o e Qualidade de Vida\u201d - CIEQV<\/title>\r\n<meta name=\"robots\" content=\"index, follow, max-snippet:-1, max-image-preview:large, max-video-preview:-1\" \/>\r\n<link rel=\"canonical\" href=\"https:\/\/www.cieqv.pt\/pt\/events\/apresentacao-do-livro-desporto-educacao-e-qualidade-de-vida\/\" \/>\r\n<meta property=\"og:locale\" content=\"pt_PT\" \/>\r\n<meta property=\"og:type\" content=\"article\" \/>\r\n<meta property=\"og:title\" content=\"Apresenta\u00e7\u00e3o do livro \u201cDesporto, Educa\u00e7\u00e3o e Qualidade de Vida\u201d - CIEQV\" \/>\r\n<meta property=\"og:description\" content=\"Inserida na VIII Confer\u00eancia Internacional Investiga\u00e7\u00e3o, Pr\u00e1ticas e Contextos em Educa\u00e7\u00e3o Dia 3 de maio, na Escola Superior de Educa\u00e7\u00e3o e Ci\u00eancias Sociais do Instituto Polit\u00e9cnico de Leiria O livro \u201cDesporto, Educa\u00e7\u00e3o e Qualidade de Vida\u201d, editado por Isabel Sim\u00f5es Dias, Marisa Barroso e Pedro Sequeira, vai ser apresentado na Escola Superior de Educa\u00e7\u00e3o e [&hellip;]\" \/>\r\n<meta property=\"og:url\" content=\"https:\/\/www.cieqv.pt\/pt\/events\/apresentacao-do-livro-desporto-educacao-e-qualidade-de-vida\/\" \/>\r\n<meta property=\"og:site_name\" content=\"CIEQV\" \/>\r\n<meta property=\"article:publisher\" content=\"https:\/\/www.facebook.com\/CIEQV\/\" \/>\r\n<meta property=\"article:modified_time\" content=\"2020-02-26T14:50:21+00:00\" \/>\r\n<meta property=\"og:image\" content=\"https:\/\/www.cieqv.pt\/wp-content\/uploads\/2019\/04\/evento_livro_01-1080x432.jpg\" \/>\r\n<meta name=\"twitter:card\" content=\"summary_large_image\" \/>\r\n<meta name=\"twitter:site\" content=\"@_CIEQV\" \/>\r\n<meta name=\"twitter:label1\" content=\"Tempo estimado de leitura\" \/>\n\t<meta name=\"twitter:data1\" content=\"1 minuto\" \/>\r\n<script type=\"application\/ld+json\" class=\"yoast-schema-graph\">{\"@context\":\"https:\\\/\\\/schema.org\",\"@graph\":[{\"@type\":\"WebPage\",\"@id\":\"https:\\\/\\\/www.cieqv.pt\\\/events\\\/apresentacao-do-livro-desporto-educacao-e-qualidade-de-vida\\\/\",\"url\":\"https:\\\/\\\/www.cieqv.pt\\\/events\\\/apresentacao-do-livro-desporto-educacao-e-qualidade-de-vida\\\/\",\"name\":\"Apresenta\u00e7\u00e3o do livro \u201cDesporto, Educa\u00e7\u00e3o e Qualidade de Vida\u201d - CIEQV\",\"isPartOf\":{\"@id\":\"https:\\\/\\\/www.cieqv.pt\\\/#website\"},\"primaryImageOfPage\":{\"@id\":\"https:\\\/\\\/www.cieqv.pt\\\/events\\\/apresentacao-do-livro-desporto-educacao-e-qualidade-de-vida\\\/#primaryimage\"},\"image\":{\"@id\":\"https:\\\/\\\/www.cieqv.pt\\\/events\\\/apresentacao-do-livro-desporto-educacao-e-qualidade-de-vida\\\/#primaryimage\"},\"thumbnailUrl\":\"https:\\\/\\\/www.cieqv.pt\\\/wp-content\\\/uploads\\\/2019\\\/04\\\/evento_livro_01-1080x432.jpg\",\"datePublished\":\"2020-02-21T09:45:28+00:00\",\"dateModified\":\"2020-02-26T14:50:21+00:00\",\"breadcrumb\":{\"@id\":\"https:\\\/\\\/www.cieqv.pt\\\/events\\\/apresentacao-do-livro-desporto-educacao-e-qualidade-de-vida\\\/#breadcrumb\"},\"inLanguage\":\"pt-PT\",\"potentialAction\":[{\"@type\":\"ReadAction\",\"target\":[\"https:\\\/\\\/www.cieqv.pt\\\/events\\\/apresentacao-do-livro-desporto-educacao-e-qualidade-de-vida\\\/\"]}]},{\"@type\":\"ImageObject\",\"inLanguage\":\"pt-PT\",\"@id\":\"https:\\\/\\\/www.cieqv.pt\\\/events\\\/apresentacao-do-livro-desporto-educacao-e-qualidade-de-vida\\\/#primaryimage\",\"url\":\"https:\\\/\\\/www.cieqv.pt\\\/wp-content\\\/uploads\\\/2019\\\/04\\\/evento_livro_01-1080x432.jpg\",\"contentUrl\":\"https:\\\/\\\/www.cieqv.pt\\\/wp-content\\\/uploads\\\/2019\\\/04\\\/evento_livro_01-1080x432.jpg\"},{\"@type\":\"BreadcrumbList\",\"@id\":\"https:\\\/\\\/www.cieqv.pt\\\/events\\\/apresentacao-do-livro-desporto-educacao-e-qualidade-de-vida\\\/#breadcrumb\",\"itemListElement\":[{\"@type\":\"ListItem\",\"position\":1,\"name\":\"In\u00edcio\",\"item\":\"https:\\\/\\\/www.cieqv.pt\\\/\"},{\"@type\":\"ListItem\",\"position\":2,\"name\":\"Events\",\"item\":\"https:\\\/\\\/www.cieqv.pt\\\/events\\\/\"},{\"@type\":\"ListItem\",\"position\":3,\"name\":\"Apresenta\u00e7\u00e3o do livro \u201cDesporto, Educa\u00e7\u00e3o e Qualidade de Vida\u201d\"}]},{\"@type\":\"WebSite\",\"@id\":\"https:\\\/\\\/www.cieqv.pt\\\/#website\",\"url\":\"https:\\\/\\\/www.cieqv.pt\\\/\",\"name\":\"CIEQV\",\"description\":\"Centro de Investiga\u00e7\u00e3o em Qualidade de Vida\",\"publisher\":{\"@id\":\"https:\\\/\\\/www.cieqv.pt\\\/#organization\"},\"potentialAction\":[{\"@type\":\"SearchAction\",\"target\":{\"@type\":\"EntryPoint\",\"urlTemplate\":\"https:\\\/\\\/www.cieqv.pt\\\/?s={search_term_string}\"},\"query-input\":{\"@type\":\"PropertyValueSpecification\",\"valueRequired\":true,\"valueName\":\"search_term_string\"}}],\"inLanguage\":\"pt-PT\"},{\"@type\":\"Organization\",\"@id\":\"https:\\\/\\\/www.cieqv.pt\\\/#organization\",\"name\":\"CIEQV\",\"url\":\"https:\\\/\\\/www.cieqv.pt\\\/\",\"logo\":{\"@type\":\"ImageObject\",\"inLanguage\":\"pt-PT\",\"@id\":\"https:\\\/\\\/www.cieqv.pt\\\/#\\\/schema\\\/logo\\\/image\\\/\",\"url\":\"https:\\\/\\\/www.cieqv.pt\\\/wp-content\\\/uploads\\\/2019\\\/08\\\/seo_cieqv.jpg\",\"contentUrl\":\"https:\\\/\\\/www.cieqv.pt\\\/wp-content\\\/uploads\\\/2019\\\/08\\\/seo_cieqv.jpg\",\"width\":600,\"height\":315,\"caption\":\"CIEQV\"},\"image\":{\"@id\":\"https:\\\/\\\/www.cieqv.pt\\\/#\\\/schema\\\/logo\\\/image\\\/\"},\"sameAs\":[\"https:\\\/\\\/www.facebook.com\\\/CIEQV\\\/\",\"https:\\\/\\\/x.com\\\/_CIEQV\",\"https:\\\/\\\/pt.linkedin.com\\\/company\\\/cieqv\"]}]}<\/script>\r\n<!-- \/ Yoast SEO plugin. -->","yoast_head_json":{"title":"Apresenta\u00e7\u00e3o do livro \u201cDesporto, Educa\u00e7\u00e3o e Qualidade de Vida\u201d - CIEQV","robots":{"index":"index","follow":"follow","max-snippet":"max-snippet:-1","max-image-preview":"max-image-preview:large","max-video-preview":"max-video-preview:-1"},"canonical":"https:\/\/www.cieqv.pt\/pt\/events\/apresentacao-do-livro-desporto-educacao-e-qualidade-de-vida\/","og_locale":"pt_PT","og_type":"article","og_title":"Apresenta\u00e7\u00e3o do livro \u201cDesporto, Educa\u00e7\u00e3o e Qualidade de Vida\u201d - CIEQV","og_description":"Inserida na VIII Confer\u00eancia Internacional Investiga\u00e7\u00e3o, Pr\u00e1ticas e Contextos em Educa\u00e7\u00e3o Dia 3 de maio, na Escola Superior de Educa\u00e7\u00e3o e Ci\u00eancias Sociais do Instituto Polit\u00e9cnico de Leiria O livro \u201cDesporto, Educa\u00e7\u00e3o e Qualidade de Vida\u201d, editado por Isabel Sim\u00f5es Dias, Marisa Barroso e Pedro Sequeira, vai ser apresentado na Escola Superior de Educa\u00e7\u00e3o e [&hellip;]","og_url":"https:\/\/www.cieqv.pt\/pt\/events\/apresentacao-do-livro-desporto-educacao-e-qualidade-de-vida\/","og_site_name":"CIEQV","article_publisher":"https:\/\/www.facebook.com\/CIEQV\/","article_modified_time":"2020-02-26T14:50:21+00:00","og_image":[{"url":"https:\/\/www.cieqv.pt\/wp-content\/uploads\/2019\/04\/evento_livro_01-1080x432.jpg","type":"","width":"","height":""}],"twitter_card":"summary_large_image","twitter_site":"@_CIEQV","twitter_misc":{"Tempo estimado de leitura":"1 minuto"},"schema":{"@context":"https:\/\/schema.org","@graph":[{"@type":"WebPage","@id":"https:\/\/www.cieqv.pt\/events\/apresentacao-do-livro-desporto-educacao-e-qualidade-de-vida\/","url":"https:\/\/www.cieqv.pt\/events\/apresentacao-do-livro-desporto-educacao-e-qualidade-de-vida\/","name":"Apresenta\u00e7\u00e3o do livro \u201cDesporto, Educa\u00e7\u00e3o e Qualidade de Vida\u201d - CIEQV","isPartOf":{"@id":"https:\/\/www.cieqv.pt\/#website"},"primaryImageOfPage":{"@id":"https:\/\/www.cieqv.pt\/events\/apresentacao-do-livro-desporto-educacao-e-qualidade-de-vida\/#primaryimage"},"image":{"@id":"https:\/\/www.cieqv.pt\/events\/apresentacao-do-livro-desporto-educacao-e-qualidade-de-vida\/#primaryimage"},"thumbnailUrl":"https:\/\/www.cieqv.pt\/wp-content\/uploads\/2019\/04\/evento_livro_01-1080x432.jpg","datePublished":"2020-02-21T09:45:28+00:00","dateModified":"2020-02-26T14:50:21+00:00","breadcrumb":{"@id":"https:\/\/www.cieqv.pt\/events\/apresentacao-do-livro-desporto-educacao-e-qualidade-de-vida\/#breadcrumb"},"inLanguage":"pt-PT","potentialAction":[{"@type":"ReadAction","target":["https:\/\/www.cieqv.pt\/events\/apresentacao-do-livro-desporto-educacao-e-qualidade-de-vida\/"]}]},{"@type":"ImageObject","inLanguage":"pt-PT","@id":"https:\/\/www.cieqv.pt\/events\/apresentacao-do-livro-desporto-educacao-e-qualidade-de-vida\/#primaryimage","url":"https:\/\/www.cieqv.pt\/wp-content\/uploads\/2019\/04\/evento_livro_01-1080x432.jpg","contentUrl":"https:\/\/www.cieqv.pt\/wp-content\/uploads\/2019\/04\/evento_livro_01-1080x432.jpg"},{"@type":"BreadcrumbList","@id":"https:\/\/www.cieqv.pt\/events\/apresentacao-do-livro-desporto-educacao-e-qualidade-de-vida\/#breadcrumb","itemListElement":[{"@type":"ListItem","position":1,"name":"In\u00edcio","item":"https:\/\/www.cieqv.pt\/"},{"@type":"ListItem","position":2,"name":"Events","item":"https:\/\/www.cieqv.pt\/events\/"},{"@type":"ListItem","position":3,"name":"Apresenta\u00e7\u00e3o do livro \u201cDesporto, Educa\u00e7\u00e3o e Qualidade de Vida\u201d"}]},{"@type":"WebSite","@id":"https:\/\/www.cieqv.pt\/#website","url":"https:\/\/www.cieqv.pt\/","name":"CIEQV","description":"Centro de Investiga\u00e7\u00e3o em Qualidade de Vida","publisher":{"@id":"https:\/\/www.cieqv.pt\/#organization"},"potentialAction":[{"@type":"SearchAction","target":{"@type":"EntryPoint","urlTemplate":"https:\/\/www.cieqv.pt\/?s={search_term_string}"},"query-input":{"@type":"PropertyValueSpecification","valueRequired":true,"valueName":"search_term_string"}}],"inLanguage":"pt-PT"},{"@type":"Organization","@id":"https:\/\/www.cieqv.pt\/#organization","name":"CIEQV","url":"https:\/\/www.cieqv.pt\/","logo":{"@type":"ImageObject","inLanguage":"pt-PT","@id":"https:\/\/www.cieqv.pt\/#\/schema\/logo\/image\/","url":"https:\/\/www.cieqv.pt\/wp-content\/uploads\/2019\/08\/seo_cieqv.jpg","contentUrl":"https:\/\/www.cieqv.pt\/wp-content\/uploads\/2019\/08\/seo_cieqv.jpg","width":600,"height":315,"caption":"CIEQV"},"image":{"@id":"https:\/\/www.cieqv.pt\/#\/schema\/logo\/image\/"},"sameAs":["https:\/\/www.facebook.com\/CIEQV\/","https:\/\/x.com\/_CIEQV","https:\/\/pt.linkedin.com\/company\/cieqv"]}]}},"_links":{"self":[{"href":"https:\/\/www.cieqv.pt\/pt\/wp-json\/wp\/v2\/mec-events\/30660","targetHints":{"allow":["GET"]}}],"collection":[{"href":"https:\/\/www.cieqv.pt\/pt\/wp-json\/wp\/v2\/mec-events"}],"about":[{"href":"https:\/\/www.cieqv.pt\/pt\/wp-json\/wp\/v2\/types\/mec-events"}],"author":[{"embeddable":true,"href":"https:\/\/www.cieqv.pt\/pt\/wp-json\/wp\/v2\/users\/3"}],"replies":[{"embeddable":true,"href":"https:\/\/www.cieqv.pt\/pt\/wp-json\/wp\/v2\/comments?post=30660"}],"wp:attachment":[{"href":"https:\/\/www.cieqv.pt\/pt\/wp-json\/wp\/v2\/media?parent=30660"}],"wp:term":[{"taxonomy":"post_tag","embeddable":true,"href":"https:\/\/www.cieqv.pt\/pt\/wp-json\/wp\/v2\/tags?post=30660"},{"taxonomy":"mec_category","embeddable":true,"href":"https:\/\/www.cieqv.pt\/pt\/wp-json\/wp\/v2\/mec_category?post=30660"}],"curies":[{"name":"wp","href":"https:\/\/api.w.org\/{rel}","templated":true}]}}